{"id":928,"date":"2026-03-12T12:57:34","date_gmt":"2026-03-12T11:57:34","guid":{"rendered":"https:\/\/oceannedemont.fr\/?page_id=928"},"modified":"2026-03-12T13:01:13","modified_gmt":"2026-03-12T12:01:13","slug":"928-2","status":"publish","type":"page","link":"https:\/\/oceannedemont.fr\/index.php\/928-2\/","title":{"rendered":"Musicoth\u00e9rapie et trouble du comportement alimentaire (TCA)"},"content":{"rendered":"\n[et_pb_section fb_built=\u00a0\u00bb1&Prime; admin_label=\u00a0\u00bbintro services\u00a0\u00bb _builder_version=\u00a0\u00bb4.23.1&Prime; custom_padding=\u00a0\u00bb2%|0px|2%|0px|false|false\u00a0\u00bb global_colors_info=\u00a0\u00bb{}\u00a0\u00bb][et_pb_row admin_label=\u00a0\u00bbRow\u00a0\u00bb _builder_version=\u00a0\u00bb4.23.1&Prime; max_width=\u00a0\u00bb846px\u00a0\u00bb min_height=\u00a0\u00bb109px\u00a0\u00bb custom_margin=\u00a0\u00bb|auto|-68px|auto||\u00a0\u00bb custom_padding=\u00a0\u00bb|||\u00a0\u00bb global_colors_info=\u00a0\u00bb{}\u00a0\u00bb][et_pb_column type=\u00a0\u00bb4_4&Prime; _builder_version=\u00a0\u00bb4.16&Prime; custom_padding=\u00a0\u00bb|||\u00a0\u00bb global_colors_info=\u00a0\u00bb{}\u00a0\u00bb custom_padding__hover=\u00a0\u00bb|||\u00a0\u00bb][et_pb_text _builder_version=\u00a0\u00bb4.27.0&Prime; text_font=\u00a0\u00bb||||||||\u00a0\u00bb header_font=\u00a0\u00bb||||||||\u00a0\u00bb header_text_align=\u00a0\u00bbcenter\u00a0\u00bb header_3_font=\u00a0\u00bbPoppins|600|||||||\u00a0\u00bb header_3_text_color=\u00a0\u00bb#44d89e\u00a0\u00bb header_3_font_size=\u00a0\u00bb36px\u00a0\u00bb header_3_line_height=\u00a0\u00bb1.4em\u00a0\u00bb text_orientation=\u00a0\u00bbcenter\u00a0\u00bb custom_margin=\u00a0\u00bb||34px|||\u00a0\u00bb inline_fonts=\u00a0\u00bbPoppins\u00a0\u00bb global_colors_info=\u00a0\u00bb{}\u00a0\u00bb]<h1><strong><span style=\"color: #694596; font-family: Poppins;\">Musicoth\u00e9rapie et troubles des comportements alimentaires (TCA)<\/span><\/strong><\/h1>[\/et_pb_text][et_pb_text _builder_version=\u00a0\u00bb4.27.4&Prime; _module_preset=\u00a0\u00bbdefault\u00a0\u00bb custom_margin=\u00a0\u00bb-26px||26px|||\u00a0\u00bb global_colors_info=\u00a0\u00bb{}\u00a0\u00bb]<p style=\"text-align: justify;\"><span style=\"color: #666699;\">Cette page \u00e9voque quelques \u00e9tudes scientifiques concernant la musicoth\u00e9rapie et ses effets positifs sur les troubles des comportements alimentaires. <\/span><span style=\"color: #666699;\">La synth\u00e8se des \u00e9tudes sur la musicoth\u00e9rapie met en avant son int\u00e9r\u00eat significatif pour les traiter. <span style=\"font-size: 14px;\">La recherche sur ce sujet n\u2019est pas consid\u00e9r\u00e9e comme men\u00e9e \u00e0 son terme, car beaucoup de ces travaux s\u2019apparentent \u00e0 des \u00e9tudes pilotes, ou ne sont pas exempts de biais.<\/span><\/span><\/p>[\/et_pb_text][\/et_pb_column][\/et_pb_row][\/et_pb_section][et_pb_section fb_built=\u00a0\u00bb1&Prime; _builder_version=\u00a0\u00bb4.24.3&Prime; _module_preset=\u00a0\u00bbdefault\u00a0\u00bb custom_padding=\u00a0\u00bb1px||1px|||\u00a0\u00bb global_colors_info=\u00a0\u00bb{}\u00a0\u00bb][et_pb_row column_structure=\u00a0\u00bb1_2,1_2&Prime; _builder_version=\u00a0\u00bb4.27.2&Prime; _module_preset=\u00a0\u00bbdefault\u00a0\u00bb global_colors_info=\u00a0\u00bb{}\u00a0\u00bb][et_pb_column type=\u00a0\u00bb1_2&Prime; _builder_version=\u00a0\u00bb4.24.3&Prime; _module_preset=\u00a0\u00bbdefault\u00a0\u00bb global_colors_info=\u00a0\u00bb{}\u00a0\u00bb][et_pb_image src=\u00a0\u00bbhttps:\/\/oceannedemont.fr\/wp-content\/uploads\/2025\/05\/ChatGPT-Image-15-mai-2025-a-18_12_20.png\u00a0\u00bb alt=\u00a0\u00bbTCA anorexie boulimie hyperphagie\u00a0\u00bb title_text=\u00a0\u00bbTCA anorexie boulimie hyperphagie\u00a0\u00bb force_fullwidth=\u00a0\u00bbon\u00a0\u00bb _builder_version=\u00a0\u00bb4.27.4&Prime; _module_preset=\u00a0\u00bbdefault\u00a0\u00bb custom_margin=\u00a0\u00bb1px||1px||true|\u00a0\u00bb global_colors_info=\u00a0\u00bb{}\u00a0\u00bb][\/et_pb_image][\/et_pb_column][et_pb_column type=\u00a0\u00bb1_2&Prime; _builder_version=\u00a0\u00bb4.24.3&Prime; _module_preset=\u00a0\u00bbdefault\u00a0\u00bb global_colors_info=\u00a0\u00bb{}\u00a0\u00bb][et_pb_text _builder_version=\u00a0\u00bb4.27.4&Prime; _module_preset=\u00a0\u00bbdefault\u00a0\u00bb custom_margin=\u00a0\u00bb||-29px|||\u00a0\u00bb custom_padding=\u00a0\u00bb||12px|||\u00a0\u00bb global_colors_info=\u00a0\u00bb{}\u00a0\u00bb]<p style=\"text-align: justify;\"><span style=\"color: #333399;\"><strong><\/strong><\/span><\/p>\n<p style=\"text-align: center;\"><span style=\"font-size: medium;\"><strong><span style=\"color: #333399;\"><\/span><\/strong><\/span><\/p>\n<p style=\"text-align: center;\"><span style=\"font-size: medium;\"><strong><span style=\"color: #333399;\">Les troubles des comportements alimentaires<span class=\"Apple-converted-space\"> :<\/span><\/span><\/strong><\/span><\/p>\n<p>Les troubles des comportements alimentaires (TCA) sont des pathologies psychiatriques caract\u00e9ris\u00e9es par des comportements alimentaires perturb\u00e9s. Ils sont li\u00e9s \u00e0 une image de soi alt\u00e9r\u00e9e et une image corporelle d\u00e9form\u00e9e. Les TCA engendrent des cons\u00e9quences physiques (carences, amaigrissement, fatigue, troubles cardiaques ou hormonaux, ost\u00e9oporose et d\u00e9shydrations) et mentales (anxi\u00e9t\u00e9 d\u00e9pression TOC, dysmorphophobie, isolement addictions). En France, les TCA touchent 10% de la population.\u00a0\u00a0<span style=\"color: #666699;\">[ARS \u00eeles de France]<\/span><\/p>\n<p>Les TCA se manifestent par:<span class=\"Apple-converted-space\">\u00a0<\/span><\/p>\n<ul>\n<li><span><\/span>Perturbations du comportement alimentaire (restrictions, compulsions, vomissements)<\/li>\n<li><span><\/span>Obsession du poids et de l\u2019image corporelle<span class=\"Apple-converted-space\">\u00a0<\/span><\/li>\n<li><span><\/span>Anxi\u00e9t\u00e9 d\u00e9pression isolement social<span class=\"Apple-converted-space\">\u00a0<\/span><\/li>\n<\/ul>\n<p>\u00a0Il existe plusieurs TCA:<span class=\"Apple-converted-space\">\u00a0<\/span><\/p>\n<ul>\n<li><span><\/span>L\u2019anorexie mentale se caract\u00e9rise par une restriction alimentaire volontaire entra\u00eenant une perte de poids significative. Les personnes atteintes ont peu de prendre du poids, et une dysmorphphobie.<\/li>\n<li><span><\/span>La boulimie se manifeste par des \u00e9pisodes de suralimentation incontr\u00f4l\u00e9e suivis de comportements compensatoires (jeune, vomissements, sport excessif). Souvent le poids reste dans les normes, tenant le trouble moins visible.<\/li>\n<li><span><\/span>L\u2019hyperphagie boulimique: implique des \u00e9pisodes de consommation abusif sans comportement de r\u00e9gulation du poids. Elle est plus fr\u00e9quentes que la boulimie. <span style=\"color: #666699;\">[ARS \u00eeles de France]<\/span><\/li>\n<\/ul>\n<p style=\"text-align: justify;\"><\/p>[\/et_pb_text][\/et_pb_column][\/et_pb_row][\/et_pb_section][et_pb_section fb_built=\u00a0\u00bb1&Prime; admin_label=\u00a0\u00bb4 services\u00a0\u00bb _builder_version=\u00a0\u00bb4.24.3&Prime; background_color=\u00a0\u00bb#e8dbec\u00a0\u00bb custom_padding=\u00a0\u00bb2%|0px|0.1%|0px|false|false\u00a0\u00bb global_colors_info=\u00a0\u00bb{}\u00a0\u00bb][et_pb_row _builder_version=\u00a0\u00bb4.23.1&Prime; min_height=\u00a0\u00bb209px\u00a0\u00bb custom_margin=\u00a0\u00bb||-1%||false|false\u00a0\u00bb custom_padding=\u00a0\u00bb35px|||||\u00a0\u00bb global_colors_info=\u00a0\u00bb{}\u00a0\u00bb][et_pb_column type=\u00a0\u00bb4_4&Prime; _builder_version=\u00a0\u00bb4.16&Prime; custom_padding=\u00a0\u00bb|||\u00a0\u00bb global_colors_info=\u00a0\u00bb{}\u00a0\u00bb custom_padding__hover=\u00a0\u00bb|||\u00a0\u00bb][et_pb_text _builder_version=\u00a0\u00bb4.25.0&Prime; text_font=\u00a0\u00bb||||||||\u00a0\u00bb header_font=\u00a0\u00bb||||||||\u00a0\u00bb header_text_align=\u00a0\u00bbcenter\u00a0\u00bb header_3_font=\u00a0\u00bbPoppins|600|||||||\u00a0\u00bb header_3_text_color=\u00a0\u00bb#44d89e\u00a0\u00bb header_3_font_size=\u00a0\u00bb36px\u00a0\u00bb header_3_line_height=\u00a0\u00bb1.4em\u00a0\u00bb text_orientation=\u00a0\u00bbcenter\u00a0\u00bb global_colors_info=\u00a0\u00bb{}\u00a0\u00bb]<h2><span style=\"color: #694596;\">La recherche scientifique en musicoth\u00e9rapie\u00a0<\/span><\/h2>[\/et_pb_text][et_pb_text _builder_version=\u00a0\u00bb4.27.2&Prime; _module_preset=\u00a0\u00bbdefault\u00a0\u00bb custom_margin=\u00a0\u00bb-25px|||||\u00a0\u00bb global_colors_info=\u00a0\u00bb{}\u00a0\u00bb]<p style=\"text-align: center;\"><span style=\"color: #333399;\">Retrouvez la bibliographie en fin de page.<br \/><\/span><span style=\"color: #333399;\"><a href=\"https:\/\/musicotherapie-mediadoc.fr\" target=\"_blank\" rel=\"noopener\" title=\"M\u00e9diadoc\">N&rsquo;h\u00e9sitez pas \u00e0 visiter le site M\u00e9diadoc de Lise Henry, s<span>p\u00e9cialiste de l&rsquo;information et de la communication depuis pr\u00e8s de 20 ans qui r\u00e9alise un travail de veille scientifique tr\u00e8s s\u00e9rieux en musicoth\u00e9rapie.<\/span><\/a><br \/><\/span><span style=\"color: #333399;\">Je tiens \u00e0 pr\u00e9ciser que toutes les \u00e9tudes sur le domaine ne sont pas repr\u00e9sent\u00e9es ici.<\/span><\/p>\n<p style=\"text-align: center;\"><span style=\"color: #333399;\"><\/span><\/p>[\/et_pb_text][\/et_pb_column][\/et_pb_row][et_pb_row _builder_version=\u00a0\u00bb4.27.2&Prime; _module_preset=\u00a0\u00bbdefault\u00a0\u00bb min_height=\u00a0\u00bb826px\u00a0\u00bb custom_margin=\u00a0\u00bb-31px|auto|-279px|auto||\u00a0\u00bb custom_padding=\u00a0\u00bb17px|||||\u00a0\u00bb global_colors_info=\u00a0\u00bb{}\u00a0\u00bb][et_pb_column type=\u00a0\u00bb4_4&Prime; _builder_version=\u00a0\u00bb4.27.2&Prime; _module_preset=\u00a0\u00bbdefault\u00a0\u00bb global_colors_info=\u00a0\u00bb{}\u00a0\u00bb][et_pb_text _builder_version=\u00a0\u00bb4.27.4&Prime; _module_preset=\u00a0\u00bbdefault\u00a0\u00bb global_colors_info=\u00a0\u00bb{}\u00a0\u00bb]<p class=\"p1\">Les \u00e9tudes r\u00e9centes pr\u00e9sent\u00e9es montrent les effets positifs significatifs de la musicoth\u00e9rapie sur les troubles du comportement alimentaire (TCA), en particulier chez les adolescentes atteintes d&rsquo;anorexie et de boulimie.<\/p>\n<p class=\"p1\"><b>&#8211; R\u00e9duction de l&rsquo;anxi\u00e9t\u00e9 avec la musicoth\u00e9rapie r\u00e9ceptive :<\/b><\/p>\n<p class=\"p1\">L&rsquo;\u00e9tude pilote de Scotto Di Rinaldi et al. a \u00e9valu\u00e9 l&rsquo;effet de la musicoth\u00e9rapie r\u00e9ceptive, via la technique D\u00e9Pi-AM, sur l&rsquo;anxi\u00e9t\u00e9 et la dysmorphophobie chez des adolescentes hospitalis\u00e9es. Huit s\u00e9ances de musicoth\u00e9rapie avant une pes\u00e9e hebdomadaire ont r\u00e9v\u00e9l\u00e9 une diminution notable de l&rsquo;anxi\u00e9t\u00e9 per\u00e7ue et des constantes physiologiques, comme la tension art\u00e9rielle et la fr\u00e9quence cardiaque. Ces r\u00e9sultats sugg\u00e8rent que la musicoth\u00e9rapie peut constituer un soutien efficace pour apaiser l&rsquo;anxi\u00e9t\u00e9 li\u00e9e aux moments stressants, renfor\u00e7ant ainsi l&rsquo;id\u00e9e de l&rsquo;int\u00e9grer dans les soins.<em><span style=\"color: #666699;\"> [Scotto Di Rinaldi S, Silva C, Da Fonseca D, Bat-Pitault F. 2023]<\/span><\/em><\/p>\n<p class=\"p1\"><b>&#8211; Cr\u00e9ativit\u00e9 et expression \u00e9motionnelle :<\/b><\/p>\n<p class=\"p1\">L&rsquo;approche d\u00e9velopp\u00e9e par Bostnavaron et Girardot repose sur l&rsquo;\u00e9laboration d&rsquo;une \u00ab\u00a0toile sonore\u00a0\u00bb, permettant aux patients de s&rsquo;exprimer \u00e9motionnellement \u00e0 travers la musique. Ce processus cr\u00e9atif aide \u00e0 am\u00e9liorer l&rsquo;estime de soi et favorise une exploration sans jugement des \u00e9motions. Les patients, en \u00e9laborant leur toile sonore, montrent une \u00e9volution dans leur gestion des \u00e9motions et une augmentation de leur r\u00e9silience, soulignant le r\u00f4le positif de la musicoth\u00e9rapie dans la th\u00e9rapie des conduites alimentaires.<em><span style=\"color: #666699;\"> [Bostnavaron C, Girardot A. 2019]<\/span><\/em><\/p>\n<p class=\"p1\"><b>&#8211; Am\u00e9lioration du bien-\u00eatre \u00e9motionnel :<\/b><\/p>\n<p class=\"p1\">La revue syst\u00e9matique de Chang et al. a analys\u00e9 une multitude d&rsquo;\u00e9tudes, confirmant que les interventions musicales am\u00e9liorent la r\u00e9gulation \u00e9motionnelle et le bien-\u00eatre des individus souffrant de TCA. Les r\u00e9sultats montrent que ces interventions aident \u00e0 g\u00e9rer la d\u00e9tresse li\u00e9e aux repas et \u00e0 favoriser des habitudes alimentaires saines. Malgr\u00e9 certaines limites m\u00e9thodologiques, les b\u00e9n\u00e9fices potentiels des interventions bas\u00e9es sur la musique dans les soins aux personnes atteintes de TCA sont clairs. <span style=\"color: #666699;\"><em>[Chang EE, Brooker J, Hiscock R, O\u2019Callaghan C. 2023]<\/em><\/span><\/p>\n<p class=\"p1\">Ces \u00e9tudes d\u00e9montrent que la musicoth\u00e9rapie, qu&rsquo;elle soit r\u00e9ceptive ou cr\u00e9ative, joue un r\u00f4le crucial dans la r\u00e9duction de l&rsquo;anxi\u00e9t\u00e9, l&rsquo;am\u00e9lioration de l&rsquo;estime de soi et la gestion des \u00e9motions chez les personnes souffrant de TCA. Elles incitent \u00e0 int\u00e9grer davantage la musicoth\u00e9rapie dans les pratiques de soin tout en soulignant la n\u00e9cessit\u00e9 de recherches suppl\u00e9mentaires pour approfondir notre compr\u00e9hension et am\u00e9liorer ces approches th\u00e9rapeutiques.<span style=\"color: #666699;\"><em><\/em><\/span><\/p>[\/et_pb_text][et_pb_text _builder_version=\u00a0\u00bb4.27.2&Prime; _module_preset=\u00a0\u00bbdefault\u00a0\u00bb custom_margin=\u00a0\u00bb-61px|||||\u00a0\u00bb custom_padding=\u00a0\u00bb60px||28px|||\u00a0\u00bb global_colors_info=\u00a0\u00bb{}\u00a0\u00bb]<p style=\"text-align: center;\"><a href=\"https:\/\/www.olivierpetiot-ecrivain.com\" target=\"_blank\" rel=\"noopener\">Cor\u00e9alis\u00e9 avec Olivier Petiot, \u00e9crivain public<\/a><\/p>[\/et_pb_text][\/et_pb_column][\/et_pb_row][et_pb_row _builder_version=\u00a0\u00bb4.24.3&Prime; _module_preset=\u00a0\u00bbdefault\u00a0\u00bb custom_margin=\u00a0\u00bb-109px|auto||auto||\u00a0\u00bb custom_padding=\u00a0\u00bb||60px|||\u00a0\u00bb global_colors_info=\u00a0\u00bb{}\u00a0\u00bb][et_pb_column type=\u00a0\u00bb4_4&Prime; _builder_version=\u00a0\u00bb4.24.3&Prime; _module_preset=\u00a0\u00bbdefault\u00a0\u00bb global_colors_info=\u00a0\u00bb{}\u00a0\u00bb][et_pb_text _builder_version=\u00a0\u00bb4.26.0&Prime; text_font=\u00a0\u00bb||||||||\u00a0\u00bb header_font=\u00a0\u00bb||||||||\u00a0\u00bb header_2_font=\u00a0\u00bbPoppins|500||on|||||\u00a0\u00bb header_2_text_color=\u00a0\u00bbrgba(0,0,0,0.2)\u00a0\u00bb header_2_font_size=\u00a0\u00bb16px\u00a0\u00bb header_2_letter_spacing=\u00a0\u00bb1px\u00a0\u00bb header_2_line_height=\u00a0\u00bb1.3em\u00a0\u00bb text_orientation=\u00a0\u00bbcenter\u00a0\u00bb custom_margin=\u00a0\u00bb||20px|\u00a0\u00bb custom_padding=\u00a0\u00bb18px|||||\u00a0\u00bb link_option_url=\u00a0\u00bbhttps:\/\/oceannedemont.fr\/#Temoignages\u00a0\u00bb saved_tabs=\u00a0\u00bball\u00a0\u00bb locked=\u00a0\u00bboff\u00a0\u00bb global_colors_info=\u00a0\u00bb{}\u00a0\u00bb]<h2><a href=\"https:\/\/oceannedemont.fr\/#Temoignages\"><span style=\"text-decoration: underline; color: #000000;\"><span>Consultez les retours d&rsquo;exp\u00e9riences avec la musicoth\u00e9rapie<\/span><\/span><\/a><\/h2>[\/et_pb_text][et_pb_button button_url=\u00a0\u00bbhttps:\/\/oceannedemont.fr\/index.php\/contact\/\u00a0\u00bb url_new_window=\u00a0\u00bbon\u00a0\u00bb button_text=\u00a0\u00bbr\u00e9server votre s\u00e9ance\u00a0\u00bb button_alignment=\u00a0\u00bbcenter\u00a0\u00bb _builder_version=\u00a0\u00bb4.26.0&Prime; custom_button=\u00a0\u00bbon\u00a0\u00bb button_text_size=\u00a0\u00bb14px\u00a0\u00bb button_text_color=\u00a0\u00bb#0C71C3&Prime; button_border_width=\u00a0\u00bb2px\u00a0\u00bb button_border_color=\u00a0\u00bb#0C71C3&Prime; button_border_radius=\u00a0\u00bb100px\u00a0\u00bb button_font=\u00a0\u00bbPoppins|600||on|||||\u00a0\u00bb button_use_icon=\u00a0\u00bboff\u00a0\u00bb background_layout=\u00a0\u00bbdark\u00a0\u00bb custom_margin=\u00a0\u00bb0.3%||-1.3%||false|false\u00a0\u00bb custom_padding=\u00a0\u00bb12px|36px|12px|36px\u00a0\u00bb button_letter_spacing_hover=\u00a0\u00bb0&Prime; global_colors_info=\u00a0\u00bb{}\u00a0\u00bb button_text_size__hover_enabled=\u00a0\u00bboff\u00a0\u00bb button_one_text_size__hover_enabled=\u00a0\u00bboff\u00a0\u00bb button_two_text_size__hover_enabled=\u00a0\u00bboff\u00a0\u00bb button_text_color__hover_enabled=\u00a0\u00bboff\u00a0\u00bb button_one_text_color__hover_enabled=\u00a0\u00bboff\u00a0\u00bb button_two_text_color__hover_enabled=\u00a0\u00bboff\u00a0\u00bb button_border_width__hover_enabled=\u00a0\u00bboff\u00a0\u00bb button_one_border_width__hover_enabled=\u00a0\u00bboff\u00a0\u00bb button_two_border_width__hover_enabled=\u00a0\u00bboff\u00a0\u00bb button_border_color__hover_enabled=\u00a0\u00bboff\u00a0\u00bb button_one_border_color__hover_enabled=\u00a0\u00bboff\u00a0\u00bb button_two_border_color__hover_enabled=\u00a0\u00bboff\u00a0\u00bb button_border_radius__hover_enabled=\u00a0\u00bboff\u00a0\u00bb button_one_border_radius__hover_enabled=\u00a0\u00bboff\u00a0\u00bb button_two_border_radius__hover_enabled=\u00a0\u00bboff\u00a0\u00bb button_letter_spacing__hover_enabled=\u00a0\u00bbon\u00a0\u00bb button_letter_spacing__hover=\u00a0\u00bb0&Prime; button_one_letter_spacing__hover_enabled=\u00a0\u00bboff\u00a0\u00bb button_two_letter_spacing__hover_enabled=\u00a0\u00bboff\u00a0\u00bb button_bg_color__hover_enabled=\u00a0\u00bboff\u00a0\u00bb button_one_bg_color__hover_enabled=\u00a0\u00bboff\u00a0\u00bb button_two_bg_color__hover_enabled=\u00a0\u00bboff\u00a0\u00bb][\/et_pb_button][\/et_pb_column][\/et_pb_row][\/et_pb_section][et_pb_section fb_built=\u00a0\u00bb1&Prime; _builder_version=\u00a0\u00bb4.25.0&Prime; _module_preset=\u00a0\u00bbdefault\u00a0\u00bb background_color=\u00a0\u00bb#FFFFFF\u00a0\u00bb custom_padding=\u00a0\u00bb0px||0px|||\u00a0\u00bb global_colors_info=\u00a0\u00bb{}\u00a0\u00bb][et_pb_row _builder_version=\u00a0\u00bb4.25.0&Prime; _module_preset=\u00a0\u00bbdefault\u00a0\u00bb custom_margin=\u00a0\u00bb|auto|-13px|auto||\u00a0\u00bb custom_padding=\u00a0\u00bb43px|||||\u00a0\u00bb global_colors_info=\u00a0\u00bb{}\u00a0\u00bb][et_pb_column type=\u00a0\u00bb4_4&Prime; _builder_version=\u00a0\u00bb4.25.0&Prime; _module_preset=\u00a0\u00bbdefault\u00a0\u00bb global_colors_info=\u00a0\u00bb{}\u00a0\u00bb][et_pb_text _builder_version=\u00a0\u00bb4.25.0&Prime; _module_preset=\u00a0\u00bbdefault\u00a0\u00bb min_height=\u00a0\u00bb23px\u00a0\u00bb custom_margin=\u00a0\u00bb||15px|||\u00a0\u00bb custom_padding=\u00a0\u00bb1px|||||\u00a0\u00bb global_colors_info=\u00a0\u00bb{}\u00a0\u00bb]<h3 style=\"text-align: center;\">Bibliographie<\/h3>[\/et_pb_text][et_pb_button button_url=\u00a0\u00bbhttps:\/\/musicotherapie-mediadoc.fr\u00a0\u00bb button_text=\u00a0\u00bbMEDIADOC &#8211; VEILLE MEDIA ET RESSOURCES DOCUMENTAIRES SUR LA MUSICOTHERAPIE\u00a0\u00bb button_alignment=\u00a0\u00bbcenter\u00a0\u00bb _builder_version=\u00a0\u00bb4.26.0&Prime; custom_button=\u00a0\u00bbon\u00a0\u00bb button_text_size=\u00a0\u00bb14px\u00a0\u00bb button_text_color=\u00a0\u00bb#0C71C3&Prime; button_border_width=\u00a0\u00bb2px\u00a0\u00bb button_border_color=\u00a0\u00bb#0C71C3&Prime; button_border_radius=\u00a0\u00bb100px\u00a0\u00bb button_font=\u00a0\u00bbPoppins|600||on|||||\u00a0\u00bb button_use_icon=\u00a0\u00bboff\u00a0\u00bb background_layout=\u00a0\u00bbdark\u00a0\u00bb custom_margin=\u00a0\u00bb0.3%||3.6%||false|false\u00a0\u00bb custom_padding=\u00a0\u00bb12px|36px|7px|36px||\u00a0\u00bb button_letter_spacing_hover=\u00a0\u00bb0&Prime; global_colors_info=\u00a0\u00bb{}\u00a0\u00bb button_text_size__hover_enabled=\u00a0\u00bboff\u00a0\u00bb button_one_text_size__hover_enabled=\u00a0\u00bboff\u00a0\u00bb button_two_text_size__hover_enabled=\u00a0\u00bboff\u00a0\u00bb button_text_color__hover_enabled=\u00a0\u00bboff\u00a0\u00bb button_one_text_color__hover_enabled=\u00a0\u00bboff\u00a0\u00bb button_two_text_color__hover_enabled=\u00a0\u00bboff\u00a0\u00bb button_border_width__hover_enabled=\u00a0\u00bboff\u00a0\u00bb button_one_border_width__hover_enabled=\u00a0\u00bboff\u00a0\u00bb button_two_border_width__hover_enabled=\u00a0\u00bboff\u00a0\u00bb button_border_color__hover_enabled=\u00a0\u00bboff\u00a0\u00bb button_one_border_color__hover_enabled=\u00a0\u00bboff\u00a0\u00bb button_two_border_color__hover_enabled=\u00a0\u00bboff\u00a0\u00bb button_border_radius__hover_enabled=\u00a0\u00bboff\u00a0\u00bb button_one_border_radius__hover_enabled=\u00a0\u00bboff\u00a0\u00bb button_two_border_radius__hover_enabled=\u00a0\u00bboff\u00a0\u00bb button_letter_spacing__hover_enabled=\u00a0\u00bbon\u00a0\u00bb button_letter_spacing__hover=\u00a0\u00bb0&Prime; button_one_letter_spacing__hover_enabled=\u00a0\u00bboff\u00a0\u00bb button_two_letter_spacing__hover_enabled=\u00a0\u00bboff\u00a0\u00bb button_bg_color__hover_enabled=\u00a0\u00bboff\u00a0\u00bb button_one_bg_color__hover_enabled=\u00a0\u00bboff\u00a0\u00bb button_two_bg_color__hover_enabled=\u00a0\u00bboff\u00a0\u00bb][\/et_pb_button][\/et_pb_column][\/et_pb_row][et_pb_row column_structure=\u00a0\u00bb4_4,1_2&Prime; _builder_version=\u00a0\u00bb4.25.0&Prime; _module_preset=\u00a0\u00bbdefault\u00a0\u00bb custom_margin=\u00a0\u00bb-48px|auto||auto||\u00a0\u00bb custom_padding=\u00a0\u00bb|||5px||\u00a0\u00bb global_colors_info=\u00a0\u00bb{}\u00a0\u00bb][et_pb_column type=\u00a0\u00bb4_4&Prime; _builder_version=\u00a0\u00bb4.25.0&Prime; _module_preset=\u00a0\u00bbdefault\u00a0\u00bb global_colors_info=\u00a0\u00bb{}\u00a0\u00bb][et_pb_blurb title=\u00a0\u00bbARS iles de France https:\/\/www.iledefrance.ars.sante.fr\/journee-mondiale-des-troubles-des-conduites-alimentaires-une-approche-pluridisciplinaire-pour-mieux\u00a0\u00bb use_icon=\u00a0\u00bbon\u00a0\u00bb font_icon=\u00a0\u00bb&#xf518;||fa||900&Prime; icon_color=\u00a0\u00bb#0C71C3&Prime; icon_placement=\u00a0\u00bbleft\u00a0\u00bb image_icon_width=\u00a0\u00bb23px\u00a0\u00bb content_max_width=\u00a0\u00bb900px\u00a0\u00bb _builder_version=\u00a0\u00bb4.27.4&Prime; header_font=\u00a0\u00bbOpen Sans|600|||||||\u00a0\u00bb header_text_color=\u00a0\u00bbrgba(38,48,63,0.8)\u00a0\u00bb header_font_size=\u00a0\u00bb15px\u00a0\u00bb header_line_height=\u00a0\u00bb1.8em\u00a0\u00bb min_height=\u00a0\u00bb17px\u00a0\u00bb custom_margin=\u00a0\u00bb||0px|\u00a0\u00bb custom_padding=\u00a0\u00bb0px|||||\u00a0\u00bb animation_style=\u00a0\u00bbfade\u00a0\u00bb animation=\u00a0\u00bboff\u00a0\u00bb icon_font_size=\u00a0\u00bb28px\u00a0\u00bb saved_tabs=\u00a0\u00bball\u00a0\u00bb locked=\u00a0\u00bboff\u00a0\u00bb global_colors_info=\u00a0\u00bb{}\u00a0\u00bb][\/et_pb_blurb][et_pb_blurb title=\u00a0\u00bbBostnavaron C, Girardot A. L\u2019\u00e9laboration d\u2019une \u00ab toile sonore \u00bb : Vers un nouveau protocole demusicoth\u00e9rapie. Rev Fr Musicother. 2019;38(2). https:\/\/musicotherapie-mediadoc.fr\/2019\/12\/31\/musicotherapie-et-troubles-des-conduites-alimentaires-naissance-dun-nouveau-protocole\/\u00a0\u00bb use_icon=\u00a0\u00bbon\u00a0\u00bb font_icon=\u00a0\u00bb&#xf518;||fa||900&Prime; icon_color=\u00a0\u00bb#0C71C3&Prime; icon_placement=\u00a0\u00bbleft\u00a0\u00bb image_icon_width=\u00a0\u00bb23px\u00a0\u00bb content_max_width=\u00a0\u00bb900px\u00a0\u00bb _builder_version=\u00a0\u00bb4.27.4&Prime; header_font=\u00a0\u00bbOpen Sans|600|||||||\u00a0\u00bb header_text_color=\u00a0\u00bbrgba(38,48,63,0.8)\u00a0\u00bb header_font_size=\u00a0\u00bb15px\u00a0\u00bb header_line_height=\u00a0\u00bb1.8em\u00a0\u00bb custom_margin=\u00a0\u00bb||0px|\u00a0\u00bb custom_padding=\u00a0\u00bb0px|||||\u00a0\u00bb animation_style=\u00a0\u00bbfade\u00a0\u00bb animation=\u00a0\u00bboff\u00a0\u00bb icon_font_size=\u00a0\u00bb28px\u00a0\u00bb saved_tabs=\u00a0\u00bball\u00a0\u00bb locked=\u00a0\u00bboff\u00a0\u00bb global_colors_info=\u00a0\u00bb{}\u00a0\u00bb][\/et_pb_blurb][et_pb_blurb title=\u00a0\u00bbChang EE, Brooker J, Hiscock R, O\u2019Callaghan C. Music-based intervention impacts for people witheating disorders: A narrative synthesis systematic review. J Music Ther. 2023 Apr 12;:thac018. doi: 10.1093\/jmt\/thac018. \u00a0\u00bb use_icon=\u00a0\u00bbon\u00a0\u00bb font_icon=\u00a0\u00bb&#xf518;||fa||900&Prime; icon_color=\u00a0\u00bb#0C71C3&Prime; icon_placement=\u00a0\u00bbleft\u00a0\u00bb image_icon_width=\u00a0\u00bb23px\u00a0\u00bb content_max_width=\u00a0\u00bb900px\u00a0\u00bb _builder_version=\u00a0\u00bb4.27.4&Prime; header_font=\u00a0\u00bbOpen Sans|600|||||||\u00a0\u00bb header_text_color=\u00a0\u00bbrgba(38,48,63,0.8)\u00a0\u00bb header_font_size=\u00a0\u00bb15px\u00a0\u00bb header_line_height=\u00a0\u00bb1.8em\u00a0\u00bb min_height=\u00a0\u00bb17px\u00a0\u00bb custom_margin=\u00a0\u00bb||0px|\u00a0\u00bb custom_padding=\u00a0\u00bb0px|||||\u00a0\u00bb animation_style=\u00a0\u00bbfade\u00a0\u00bb animation=\u00a0\u00bboff\u00a0\u00bb icon_font_size=\u00a0\u00bb28px\u00a0\u00bb saved_tabs=\u00a0\u00bball\u00a0\u00bb locked=\u00a0\u00bboff\u00a0\u00bb global_colors_info=\u00a0\u00bb{}\u00a0\u00bb][\/et_pb_blurb][et_pb_blurb title=\u00a0\u00bbScotto Di Rinaldi S, Silva C, Da Fonseca D, Bat-Pitault F. Musicoth\u00e9rapie r\u00e9ceptive et anorexiementale. \u00c9valuation du dispositif D\u00e9Pi-AM de d\u00e9tente psychomusicale dans l\u2019accompagnementd\u2019adolescentes hospitalis\u00e9es : \u00e9tude pilote aupr\u00e8s de 8 patientes. Neuropsychiatr Enfant Adolesc. 2023;publi\u00e9 en ligne le 2 novembre 2023. doi: 10.1016\/j.neurenf.2023.09.006.\u00a0\u00bb use_icon=\u00a0\u00bbon\u00a0\u00bb font_icon=\u00a0\u00bb&#xf518;||fa||900&Prime; icon_color=\u00a0\u00bb#0C71C3&Prime; icon_placement=\u00a0\u00bbleft\u00a0\u00bb image_icon_width=\u00a0\u00bb23px\u00a0\u00bb content_max_width=\u00a0\u00bb900px\u00a0\u00bb _builder_version=\u00a0\u00bb4.27.4&Prime; header_font=\u00a0\u00bbOpen Sans|600|||||||\u00a0\u00bb header_text_color=\u00a0\u00bbrgba(38,48,63,0.8)\u00a0\u00bb header_font_size=\u00a0\u00bb15px\u00a0\u00bb header_line_height=\u00a0\u00bb1.8em\u00a0\u00bb min_height=\u00a0\u00bb17px\u00a0\u00bb custom_margin=\u00a0\u00bb||0px|\u00a0\u00bb custom_padding=\u00a0\u00bb0px|||||\u00a0\u00bb animation_style=\u00a0\u00bbfade\u00a0\u00bb animation=\u00a0\u00bboff\u00a0\u00bb icon_font_size=\u00a0\u00bb28px\u00a0\u00bb saved_tabs=\u00a0\u00bball\u00a0\u00bb locked=\u00a0\u00bboff\u00a0\u00bb global_colors_info=\u00a0\u00bb{}\u00a0\u00bb][\/et_pb_blurb][\/et_pb_column][et_pb_column type=\u00a0\u00bb1_2&Prime; _builder_version=\u00a0\u00bb4.25.0&Prime; _module_preset=\u00a0\u00bbdefault\u00a0\u00bb global_colors_info=\u00a0\u00bb{}\u00a0\u00bb][\/et_pb_column][\/et_pb_row][\/et_pb_section]\n","protected":false},"excerpt":{"rendered":"<p>Musicoth\u00e9rapie et troubles des comportements alimentaires (TCA)Cette page \u00e9voque quelques \u00e9tudes scientifiques concernant la musicoth\u00e9rapie et ses effets positifs sur les troubles des comportements alimentaires. La synth\u00e8se des \u00e9tudes sur la musicoth\u00e9rapie met en avant son int\u00e9r\u00eat significatif pour les traiter. La recherche sur ce sujet n\u2019est pas consid\u00e9r\u00e9e comme men\u00e9e \u00e0 son terme, car [&hellip;]<\/p>\n","protected":false},"author":2,"featured_media":0,"parent":0,"menu_order":0,"comment_status":"closed","ping_status":"closed","template":"","meta":{"_et_pb_use_builder":"on","_et_pb_old_content":"","_et_gb_content_width":"","om_disable_all_campaigns":false,"_monsterinsights_skip_tracking":false,"_monsterinsights_sitenote_active":false,"_monsterinsights_sitenote_note":"","_monsterinsights_sitenote_category":0,"_uf_show_specific_survey":0,"_uf_disable_surveys":false,"footnotes":""},"class_list":["post-928","page","type-page","status-publish","hentry"],"aioseo_notices":[],"_links":{"self":[{"href":"https:\/\/oceannedemont.fr\/index.php\/wp-json\/wp\/v2\/pages\/928","targetHints":{"allow":["GET"]}}],"collection":[{"href":"https:\/\/oceannedemont.fr\/index.php\/wp-json\/wp\/v2\/pages"}],"about":[{"href":"https:\/\/oceannedemont.fr\/index.php\/wp-json\/wp\/v2\/types\/page"}],"author":[{"embeddable":true,"href":"https:\/\/oceannedemont.fr\/index.php\/wp-json\/wp\/v2\/users\/2"}],"replies":[{"embeddable":true,"href":"https:\/\/oceannedemont.fr\/index.php\/wp-json\/wp\/v2\/comments?post=928"}],"version-history":[{"count":5,"href":"https:\/\/oceannedemont.fr\/index.php\/wp-json\/wp\/v2\/pages\/928\/revisions"}],"predecessor-version":[{"id":966,"href":"https:\/\/oceannedemont.fr\/index.php\/wp-json\/wp\/v2\/pages\/928\/revisions\/966"}],"wp:attachment":[{"href":"https:\/\/oceannedemont.fr\/index.php\/wp-json\/wp\/v2\/media?parent=928"}],"curies":[{"name":"wp","href":"https:\/\/api.w.org\/{rel}","templated":true}]}}