{"id":786,"date":"2024-10-06T17:13:59","date_gmt":"2024-10-06T15:13:59","guid":{"rendered":"https:\/\/oceannedemont.fr\/?page_id=786"},"modified":"2024-10-06T17:36:04","modified_gmt":"2024-10-06T15:36:04","slug":"maladies-apparentees-a-alzheimer","status":"publish","type":"page","link":"https:\/\/oceannedemont.fr\/index.php\/maladies-apparentees-a-alzheimer\/","title":{"rendered":"Maladies apparent\u00e9es \u00e0 Alzheimer"},"content":{"rendered":"\n[et_pb_section fb_built=\u00a0\u00bb1&Prime; admin_label=\u00a0\u00bbintro services\u00a0\u00bb _builder_version=\u00a0\u00bb4.23.1&Prime; custom_padding=\u00a0\u00bb2%|0px|2%|0px|false|false\u00a0\u00bb global_colors_info=\u00a0\u00bb{}\u00a0\u00bb][et_pb_row admin_label=\u00a0\u00bbRow\u00a0\u00bb _builder_version=\u00a0\u00bb4.23.1&Prime; max_width=\u00a0\u00bb846px\u00a0\u00bb min_height=\u00a0\u00bb109px\u00a0\u00bb custom_margin=\u00a0\u00bb|auto|-68px|auto||\u00a0\u00bb custom_padding=\u00a0\u00bb|||\u00a0\u00bb global_colors_info=\u00a0\u00bb{}\u00a0\u00bb][et_pb_column type=\u00a0\u00bb4_4&Prime; _builder_version=\u00a0\u00bb4.16&Prime; custom_padding=\u00a0\u00bb|||\u00a0\u00bb global_colors_info=\u00a0\u00bb{}\u00a0\u00bb custom_padding__hover=\u00a0\u00bb|||\u00a0\u00bb][et_pb_text _builder_version=\u00a0\u00bb4.27.0&Prime; text_font=\u00a0\u00bb||||||||\u00a0\u00bb header_font=\u00a0\u00bb||||||||\u00a0\u00bb header_text_align=\u00a0\u00bbcenter\u00a0\u00bb header_3_font=\u00a0\u00bbPoppins|600|||||||\u00a0\u00bb header_3_text_color=\u00a0\u00bb#44d89e\u00a0\u00bb header_3_font_size=\u00a0\u00bb36px\u00a0\u00bb header_3_line_height=\u00a0\u00bb1.4em\u00a0\u00bb text_orientation=\u00a0\u00bbcenter\u00a0\u00bb custom_margin=\u00a0\u00bb||21px|||\u00a0\u00bb inline_fonts=\u00a0\u00bbPoppins\u00a0\u00bb global_colors_info=\u00a0\u00bb{}\u00a0\u00bb]<h1><strong><span style=\"color: #694596; font-family: Poppins;\">Musicoth\u00e9rapie et les maladies apparent\u00e9es \u00e0 Alzheimer ou autres types de d\u00e9mences.<\/span><\/strong><\/h1>[\/et_pb_text][et_pb_text _builder_version=\u00a0\u00bb4.27.0&Prime; _module_preset=\u00a0\u00bbdefault\u00a0\u00bb custom_margin=\u00a0\u00bb-26px||26px|||\u00a0\u00bb global_colors_info=\u00a0\u00bb{}\u00a0\u00bb]<p><span style=\"color: #666699;\">Cette page d\u00e9finit les maladies apparent\u00e9es \u00e0 Alzheimer et autres types de d\u00e9mences. Elle \u00e9voque quelques \u00e9tudes scientifiques concernant la musicoth\u00e9rapie sur ces pathologies. La recherche sur ce sujet n\u2019est pas consid\u00e9r\u00e9e comme men\u00e9e \u00e0 son terme, car beaucoup de ces travaux s\u2019apparentent \u00e0 des \u00e9tudes pilotes, ou ne sont pas exempts de biais.<span class=\"Apple-converted-space\">\u00a0<\/span><\/span><\/p>[\/et_pb_text][\/et_pb_column][\/et_pb_row][\/et_pb_section][et_pb_section fb_built=\u00a0\u00bb1&Prime; _builder_version=\u00a0\u00bb4.24.3&Prime; _module_preset=\u00a0\u00bbdefault\u00a0\u00bb custom_padding=\u00a0\u00bb1px||1px|||\u00a0\u00bb global_colors_info=\u00a0\u00bb{}\u00a0\u00bb][et_pb_row column_structure=\u00a0\u00bb1_2,1_2&Prime; _builder_version=\u00a0\u00bb4.27.2&Prime; _module_preset=\u00a0\u00bbdefault\u00a0\u00bb global_colors_info=\u00a0\u00bb{}\u00a0\u00bb][et_pb_column type=\u00a0\u00bb1_2&Prime; _builder_version=\u00a0\u00bb4.24.3&Prime; _module_preset=\u00a0\u00bbdefault\u00a0\u00bb global_colors_info=\u00a0\u00bb{}\u00a0\u00bb][et_pb_image src=\u00a0\u00bbhttps:\/\/oceannedemont.fr\/wp-content\/uploads\/2024\/09\/Capture-decran-2024-09-25-a-14.39.50.png\u00a0\u00bb alt=\u00a0\u00bbMaladie d&rsquo;Alzheimer et musicoth\u00e9rapie \u00a0\u00bb title_text=\u00a0\u00bbMaladie d&rsquo;Alzheimer et musicoth\u00e9rapie \u00a0\u00bb force_fullwidth=\u00a0\u00bbon\u00a0\u00bb _builder_version=\u00a0\u00bb4.27.2&Prime; _module_preset=\u00a0\u00bbdefault\u00a0\u00bb custom_margin=\u00a0\u00bb89px||5px|||\u00a0\u00bb global_colors_info=\u00a0\u00bb{}\u00a0\u00bb][\/et_pb_image][\/et_pb_column][et_pb_column type=\u00a0\u00bb1_2&Prime; _builder_version=\u00a0\u00bb4.24.3&Prime; _module_preset=\u00a0\u00bbdefault\u00a0\u00bb global_colors_info=\u00a0\u00bb{}\u00a0\u00bb][et_pb_text _builder_version=\u00a0\u00bb4.27.0&Prime; _module_preset=\u00a0\u00bbdefault\u00a0\u00bb custom_margin=\u00a0\u00bb||-29px|||\u00a0\u00bb custom_padding=\u00a0\u00bb||12px|||\u00a0\u00bb global_colors_info=\u00a0\u00bb{}\u00a0\u00bb]<p style=\"text-align: center;\"><span style=\"color: #333399;\"><strong><\/strong><\/span><\/p>\n<p style=\"text-align: center;\"><span style=\"color: #333399;\"><strong>La maladie d&rsquo;Alzheimer:\u00a0<\/strong><\/span><\/p>\n<p style=\"text-align: justify;\"><span>La maladie d\u2019Alzheimer est une <strong>pathologie neurod\u00e9g\u00e9n\u00e9rative<\/strong> complexe du cerveau qui entra\u00eene un dysfonctionnement des connexions entre les neurones. Elle affecte les <strong>fonctions cognitives<\/strong> de l\u2019individu. Voici une liste des fonctions touch\u00e9es: m\u00e9moire, langage, raisonnement, apprentissage, r\u00e9solution de probl\u00e8mes, prise de d\u00e9cision, perception, attention, orientation spatiale et temporelle. <\/span><\/p>\n<p style=\"text-align: justify;\"><span>Dans le cerveau cela se situe dans l\u2019hippocampe, si\u00e8ge de la m\u00e9moire, et les aires n\u00e9ocorticales, ce qui vaut \u00e0 la maladie le surnom de maladie de la m\u00e9moire. Ici deux <strong>prot\u00e9ines<\/strong> sont d\u00e9g\u00e9n\u00e9ratives : cell<\/span>e des <strong>plaques s\u00e9niles, la prot\u00e9ine beta-amyloide<\/strong> et une qui concerne l&rsquo;int\u00e9rieure <strong>des neurones au niveau fibirillaire, la prot\u00e9ine tau.\u00a0<\/strong><span><\/span><\/p>\n<p style=\"text-align: justify;\"><span>La Maladie d\u2019Alzheimer est caract\u00e9ris\u00e9e par une \u00e9volution lente et progressive des sympt\u00f4mes qui s&rsquo;\u00e9value en diff\u00e9rents stades. <\/span><span style=\"font-size: 14px;\">Une d\u00e9mence est un ensemble de troubles nero-cognitifs majeurs qui \u00e9voluent <\/span><span style=\"font-size: 14px;\">en trois stades : <\/span><strong style=\"font-size: 14px;\">l\u00e9g\u00e8re<\/strong><span style=\"font-size: 14px;\">, marqu\u00e9e par des troubles de la m\u00e9moire, de l\u2019orientation et de l\u2019attention, rendant difficile l\u2019autonomie dans des t\u00e2ches quotidiennes ; <\/span><strong style=\"font-size: 14px;\">mod\u00e9r\u00e9e<\/strong><span style=\"font-size: 14px;\">, o\u00f9 les troubles du langage et de la compr\u00e9hension s\u2019aggravent, n\u00e9cessitant un accompagnement accru ; <\/span><strong style=\"font-size: 14px;\">s\u00e9v\u00e8re<\/strong><span style=\"font-size: 14px;\">, o\u00f9 les patients perdent toute autonomie et n\u00e9cessitent une aide constante pour les activit\u00e9s de la vie quotidienne.\u00a0<br \/><\/span><i style=\"font-size: 14px; background-image: none; background-color: #ffffff; caret-color: #666699; color: #666699;\"><span style=\"font-size: 14px; background-image: none; background-color: #ffffff;\">[Fondation Recherche Alzheimer, 2016]\u00a0<\/span><\/i><\/p>\n<p>La musicoth\u00e9rapie est de plus en plus int\u00e9gr\u00e9e dans les soins de sant\u00e9 en France, principalement pour les patients atteints de d\u00e9mence. Ses b\u00e9n\u00e9fices sont reconnus gr\u00e2ce \u00e0 des recherches et des m\u00e9ta-analyses qui montrent son efficacit\u00e9. Elle \u00e9merge comme une approche innovante et prometteuse dans la prise en charge des patients atteints de la maladie d&rsquo;Alzheimer. <i style=\"font-size: 14px; background-image: none; background-color: #ffffff; caret-color: #666699; color: #666699;\"><span style=\"font-size: 14px; background-image: none; background-color: #ffffff;\">[Genguelou, 2024]<\/span><\/i><\/p>[\/et_pb_text][\/et_pb_column][\/et_pb_row][\/et_pb_section][et_pb_section fb_built=\u00a0\u00bb1&Prime; admin_label=\u00a0\u00bb4 services\u00a0\u00bb _builder_version=\u00a0\u00bb4.24.3&Prime; background_color=\u00a0\u00bb#e8dbec\u00a0\u00bb custom_padding=\u00a0\u00bb2%|0px|0.1%|0px|false|false\u00a0\u00bb global_colors_info=\u00a0\u00bb{}\u00a0\u00bb][et_pb_row _builder_version=\u00a0\u00bb4.23.1&Prime; min_height=\u00a0\u00bb209px\u00a0\u00bb custom_margin=\u00a0\u00bb||-1%||false|false\u00a0\u00bb custom_padding=\u00a0\u00bb35px|||||\u00a0\u00bb global_colors_info=\u00a0\u00bb{}\u00a0\u00bb][et_pb_column type=\u00a0\u00bb4_4&Prime; _builder_version=\u00a0\u00bb4.16&Prime; custom_padding=\u00a0\u00bb|||\u00a0\u00bb global_colors_info=\u00a0\u00bb{}\u00a0\u00bb custom_padding__hover=\u00a0\u00bb|||\u00a0\u00bb][et_pb_text _builder_version=\u00a0\u00bb4.25.0&Prime; text_font=\u00a0\u00bb||||||||\u00a0\u00bb header_font=\u00a0\u00bb||||||||\u00a0\u00bb header_text_align=\u00a0\u00bbcenter\u00a0\u00bb header_3_font=\u00a0\u00bbPoppins|600|||||||\u00a0\u00bb header_3_text_color=\u00a0\u00bb#44d89e\u00a0\u00bb header_3_font_size=\u00a0\u00bb36px\u00a0\u00bb header_3_line_height=\u00a0\u00bb1.4em\u00a0\u00bb text_orientation=\u00a0\u00bbcenter\u00a0\u00bb global_colors_info=\u00a0\u00bb{}\u00a0\u00bb]<h2><span style=\"color: #694596;\">La recherche scientifique en musicoth\u00e9rapie\u00a0<\/span><\/h2>[\/et_pb_text][et_pb_text _builder_version=\u00a0\u00bb4.27.2&Prime; _module_preset=\u00a0\u00bbdefault\u00a0\u00bb custom_margin=\u00a0\u00bb-25px|||||\u00a0\u00bb global_colors_info=\u00a0\u00bb{}\u00a0\u00bb]<p style=\"text-align: center;\"><span style=\"color: #333399;\">Retrouvez la bibliographie en fin de page.<br \/><\/span><span style=\"color: #333399;\"><a href=\"https:\/\/musicotherapie-mediadoc.fr\" target=\"_blank\" rel=\"noopener\" title=\"M\u00e9diadoc\">N&rsquo;h\u00e9sitez pas \u00e0 visiter le site M\u00e9diadoc de Lise Henry, s<span>p\u00e9cialiste de l&rsquo;information et de la communication depuis pr\u00e8s de 20 ans qui r\u00e9alise un travail de veille scientifique tr\u00e8s s\u00e9rieux en musicoth\u00e9rapie.<\/span><\/a><br \/><\/span><span style=\"color: #333399;\">Je tiens \u00e0 pr\u00e9ciser que toutes les \u00e9tudes sur le domaine ne sont pas repr\u00e9sent\u00e9es ici.<\/span><\/p>\n<p style=\"text-align: center;\"><span style=\"color: #333399;\"><\/span><\/p>[\/et_pb_text][\/et_pb_column][\/et_pb_row][et_pb_row _builder_version=\u00a0\u00bb4.27.2&Prime; _module_preset=\u00a0\u00bbdefault\u00a0\u00bb min_height=\u00a0\u00bb826px\u00a0\u00bb custom_margin=\u00a0\u00bb-31px|auto|-279px|auto||\u00a0\u00bb custom_padding=\u00a0\u00bb17px|||||\u00a0\u00bb global_colors_info=\u00a0\u00bb{}\u00a0\u00bb][et_pb_column type=\u00a0\u00bb4_4&Prime; _builder_version=\u00a0\u00bb4.27.2&Prime; _module_preset=\u00a0\u00bbdefault\u00a0\u00bb global_colors_info=\u00a0\u00bb{}\u00a0\u00bb][et_pb_text _builder_version=\u00a0\u00bb4.27.2&Prime; _module_preset=\u00a0\u00bbdefault\u00a0\u00bb hover_enabled=\u00a0\u00bb0&Prime; global_colors_info=\u00a0\u00bb{}\u00a0\u00bb sticky_enabled=\u00a0\u00bb0&Prime;]<p style=\"text-align: justify;\"><span style=\"color: #333399;\">&#8211; <strong>Am\u00e9lioration de l&rsquo;humeur :<\/strong><\/span> Diverses \u00e9tudes, y compris celles de Lisa Kelly et de Nathalie Laeng, montrent que la musicoth\u00e9rapie favorise une augmentation des sentiments positifs et une r\u00e9duction des comportements n\u00e9gatifs. Cela sugg\u00e8re que la musique peut jouer un r\u00f4le protecteur face aux troubles \u00e9motionnels courants chez les patients atteints de d\u00e9mence.<br \/><span style=\"color: #666699;\"><em>[Kelly, Ahessy, 2021] et [Laeng, 2018]<\/em><\/span><\/p>\n<p style=\"text-align: justify;\">&#8211;<span style=\"color: #333399;\"> <strong>Engagement social :<\/strong><\/span> Les interventions musicales incitent \u00e0 une meilleure communication et \u00e0 des interactions plus significatives entre les patients et leurs soignants ou membres de famille, validant l&rsquo;importance de la dimension sociale dans le traitement de la maladie. La musicoth\u00e9rapie aide \u00e0 renforcer les liens relationnels, cruciaux pour le bien-\u00eatre des patients.<br \/><em><span style=\"color: #666699;\">[Berruchon, Mac Nab, Br\u00e9ard, 2020]<\/span><\/em><\/p>\n<p style=\"text-align: justify;\"><span style=\"color: #333399;\">&#8211; <strong>Stimulation de la m\u00e9moire :<\/strong><\/span> Bien que certaines recherches indiquent des r\u00e9sultats mitig\u00e9s quant \u00e0 la m\u00e9moire \u00e9pisodique, d&rsquo;autres mettent en avant l&rsquo;impact positif de la musique sur la m\u00e9moire et l&rsquo;expression verbale. La personnalisation des morceaux musicaux, en fonction des pr\u00e9f\u00e9rences des patients, semble \u00eatre un facteur cl\u00e9 dans l&rsquo;activation des souvenirs.<br \/><span style=\"color: #666699;\"><em>[Magnin, Ding, 2019]<\/em><\/span><\/p>\n<p style=\"text-align: justify;\"><span style=\"color: #333399;\">&#8211; <strong>R\u00e9duction des troubles du comportement :<\/strong> <\/span>Des \u00e9tudes telles que celle de R.Brahmi et al. signalent que la musicoth\u00e9rapie peut <strong>diminuer<\/strong> des sympt\u00f4mes tels que <strong>l&rsquo;agitation et l&rsquo;anxi\u00e9t\u00e9,<\/strong> favorisant ainsi un meilleur bien-\u00eatre \u00e9motionnel. Cette approche non m\u00e9dicamenteuse est consid\u00e9r\u00e9e comme un <strong>compl\u00e9ment<\/strong> b\u00e9n\u00e9fique aux soins traditionnels.<br \/><span style=\"color: #666699;\"><em>[Brahmi, Ouameri, Toumi, Boulardin, Trivalle, 2019]<\/em><\/span><\/p>\n<p style=\"text-align: justify;\"><span style=\"color: #333399;\">&#8211; <strong>Soutien \u00e0 la r\u00e9silience :<\/strong><\/span> Selon les recherches de P. Thomas et al., les s\u00e9ances de musicoth\u00e9rapie peuvent <strong>renforcer la r\u00e9silience<\/strong> des patients, am\u00e9liorant leur capacit\u00e9 \u00e0 faire face aux d\u00e9fis pos\u00e9s par la maladie et \u00e0 maintenir un environnement positif autour d&rsquo;eux.<br \/><span style=\"color: #666699;\"><em>[Thomas, Chand\u00e8s, Hazif-Thomas, 2020]<\/em><\/span><\/p>\n<p style=\"text-align: justify;\">L&rsquo;efficacit\u00e9 de la musicoth\u00e9rapie d\u00e9pend fortement de l&rsquo;ad\u00e9quation des morceaux choisis avec les histoires personnelles des patients. Une <strong>approche individualis\u00e9e<\/strong> est donc essentielle pour optimiser les r\u00e9sultats. La musicoth\u00e9rapie devrait \u00eatre davantage int\u00e9gr\u00e9e dans les parcours de soins des patients Alzheimer. Son ajout aux pratiques cliniques existantes pourrait enrichir les approches de soins et am\u00e9liorer la qualit\u00e9 de vie des patients. Des \u00e9tudes suppl\u00e9mentaires continuent d&rsquo;explorer ses effets b\u00e9n\u00e9fiques et son int\u00e9gration dans les soins de soutien.<br \/><span style=\"color: #666699;\"><em>[Ferreira, et al. 2020] [Ochoa Echeverria, 2020] [Peixoto, Am\u00e2ncio, 2023] [Mathieu, Monin 2018] [Bresson 2022]<\/em><\/span><\/p>\n<p style=\"text-align: justify;\">[\/et_pb_text][et_pb_text _builder_version=\u00a0\u00bb4.27.2&Prime; _module_preset=\u00a0\u00bbdefault\u00a0\u00bb hover_enabled=\u00a0\u00bb0&Prime; sticky_enabled=\u00a0\u00bb0&Prime; custom_margin=\u00a0\u00bb-61px|||||\u00a0\u00bb custom_padding=\u00a0\u00bb42px||28px|||\u00a0\u00bb]<p style=\"text-align: center;\"><a href=\"https:\/\/www.olivierpetiot-ecrivain.com\" target=\"_blank\" rel=\"noopener\">Cor\u00e9alis\u00e9 avec Olivier Petiot, \u00e9crivain public<\/a><\/p>[\/et_pb_text][\/et_pb_column][\/et_pb_row][et_pb_row _builder_version=\u00a0\u00bb4.24.3&Prime; _module_preset=\u00a0\u00bbdefault\u00a0\u00bb custom_margin=\u00a0\u00bb-109px|auto||auto||\u00a0\u00bb custom_padding=\u00a0\u00bb||60px|||\u00a0\u00bb global_colors_info=\u00a0\u00bb{}\u00a0\u00bb][et_pb_column type=\u00a0\u00bb4_4&Prime; _builder_version=\u00a0\u00bb4.24.3&Prime; _module_preset=\u00a0\u00bbdefault\u00a0\u00bb global_colors_info=\u00a0\u00bb{}\u00a0\u00bb][et_pb_text _builder_version=\u00a0\u00bb4.26.0&Prime; text_font=\u00a0\u00bb||||||||\u00a0\u00bb header_font=\u00a0\u00bb||||||||\u00a0\u00bb header_2_font=\u00a0\u00bbPoppins|500||on|||||\u00a0\u00bb header_2_text_color=\u00a0\u00bbrgba(0,0,0,0.2)\u00a0\u00bb header_2_font_size=\u00a0\u00bb16px\u00a0\u00bb header_2_letter_spacing=\u00a0\u00bb1px\u00a0\u00bb header_2_line_height=\u00a0\u00bb1.3em\u00a0\u00bb text_orientation=\u00a0\u00bbcenter\u00a0\u00bb custom_margin=\u00a0\u00bb||20px|\u00a0\u00bb link_option_url=\u00a0\u00bbhttps:\/\/oceannedemont.fr\/#Temoignages\u00a0\u00bb saved_tabs=\u00a0\u00bball\u00a0\u00bb locked=\u00a0\u00bboff\u00a0\u00bb global_colors_info=\u00a0\u00bb{}\u00a0\u00bb custom_padding=\u00a0\u00bb18px|||||\u00a0\u00bb]<h2><a href=\"https:\/\/oceannedemont.fr\/#Temoignages\"><span style=\"text-decoration: underline; color: #000000;\"><span>Consultez les retours d&rsquo;exp\u00e9riences avec la musicoth\u00e9rapie<\/span><\/span><\/a><\/h2>[\/et_pb_text][et_pb_button button_url=\u00a0\u00bbhttps:\/\/oceannedemont.fr\/index.php\/contact\/\u00a0\u00bb url_new_window=\u00a0\u00bbon\u00a0\u00bb button_text=\u00a0\u00bbr\u00e9server votre s\u00e9ance\u00a0\u00bb button_alignment=\u00a0\u00bbcenter\u00a0\u00bb _builder_version=\u00a0\u00bb4.26.0&Prime; custom_button=\u00a0\u00bbon\u00a0\u00bb button_text_size=\u00a0\u00bb14px\u00a0\u00bb button_text_color=\u00a0\u00bb#0C71C3&Prime; button_border_width=\u00a0\u00bb2px\u00a0\u00bb button_border_color=\u00a0\u00bb#0C71C3&Prime; button_border_radius=\u00a0\u00bb100px\u00a0\u00bb button_font=\u00a0\u00bbPoppins|600||on|||||\u00a0\u00bb button_use_icon=\u00a0\u00bboff\u00a0\u00bb background_layout=\u00a0\u00bbdark\u00a0\u00bb custom_margin=\u00a0\u00bb0.3%||-1.3%||false|false\u00a0\u00bb custom_padding=\u00a0\u00bb12px|36px|12px|36px\u00a0\u00bb button_letter_spacing_hover=\u00a0\u00bb0&Prime; global_colors_info=\u00a0\u00bb{}\u00a0\u00bb button_text_size__hover_enabled=\u00a0\u00bboff\u00a0\u00bb button_one_text_size__hover_enabled=\u00a0\u00bboff\u00a0\u00bb button_two_text_size__hover_enabled=\u00a0\u00bboff\u00a0\u00bb button_text_color__hover_enabled=\u00a0\u00bboff\u00a0\u00bb button_one_text_color__hover_enabled=\u00a0\u00bboff\u00a0\u00bb button_two_text_color__hover_enabled=\u00a0\u00bboff\u00a0\u00bb button_border_width__hover_enabled=\u00a0\u00bboff\u00a0\u00bb button_one_border_width__hover_enabled=\u00a0\u00bboff\u00a0\u00bb button_two_border_width__hover_enabled=\u00a0\u00bboff\u00a0\u00bb button_border_color__hover_enabled=\u00a0\u00bboff\u00a0\u00bb button_one_border_color__hover_enabled=\u00a0\u00bboff\u00a0\u00bb button_two_border_color__hover_enabled=\u00a0\u00bboff\u00a0\u00bb button_border_radius__hover_enabled=\u00a0\u00bboff\u00a0\u00bb button_one_border_radius__hover_enabled=\u00a0\u00bboff\u00a0\u00bb button_two_border_radius__hover_enabled=\u00a0\u00bboff\u00a0\u00bb button_letter_spacing__hover_enabled=\u00a0\u00bbon\u00a0\u00bb button_letter_spacing__hover=\u00a0\u00bb0&Prime; button_one_letter_spacing__hover_enabled=\u00a0\u00bboff\u00a0\u00bb button_two_letter_spacing__hover_enabled=\u00a0\u00bboff\u00a0\u00bb button_bg_color__hover_enabled=\u00a0\u00bboff\u00a0\u00bb button_one_bg_color__hover_enabled=\u00a0\u00bboff\u00a0\u00bb button_two_bg_color__hover_enabled=\u00a0\u00bboff\u00a0\u00bb][\/et_pb_button][\/et_pb_column][\/et_pb_row][\/et_pb_section][et_pb_section fb_built=\u00a0\u00bb1&Prime; _builder_version=\u00a0\u00bb4.25.0&Prime; _module_preset=\u00a0\u00bbdefault\u00a0\u00bb background_color=\u00a0\u00bb#FFFFFF\u00a0\u00bb custom_padding=\u00a0\u00bb0px||0px|||\u00a0\u00bb global_colors_info=\u00a0\u00bb{}\u00a0\u00bb][et_pb_row _builder_version=\u00a0\u00bb4.25.0&Prime; _module_preset=\u00a0\u00bbdefault\u00a0\u00bb custom_margin=\u00a0\u00bb|auto|-13px|auto||\u00a0\u00bb custom_padding=\u00a0\u00bb43px|||||\u00a0\u00bb global_colors_info=\u00a0\u00bb{}\u00a0\u00bb][et_pb_column type=\u00a0\u00bb4_4&Prime; _builder_version=\u00a0\u00bb4.25.0&Prime; _module_preset=\u00a0\u00bbdefault\u00a0\u00bb global_colors_info=\u00a0\u00bb{}\u00a0\u00bb][et_pb_text _builder_version=\u00a0\u00bb4.25.0&Prime; _module_preset=\u00a0\u00bbdefault\u00a0\u00bb min_height=\u00a0\u00bb23px\u00a0\u00bb custom_margin=\u00a0\u00bb||15px|||\u00a0\u00bb custom_padding=\u00a0\u00bb1px|||||\u00a0\u00bb global_colors_info=\u00a0\u00bb{}\u00a0\u00bb]<h3 style=\"text-align: center;\">Bibliographie<\/h3>[\/et_pb_text][et_pb_button button_url=\u00a0\u00bbhttps:\/\/musicotherapie-mediadoc.fr\u00a0\u00bb button_text=\u00a0\u00bbMEDIADOC &#8211; VEILLE MEDIA ET RESSOURCES DOCUMENTAIRES SUR LA MUSICOTHERAPIE\u00a0\u00bb button_alignment=\u00a0\u00bbcenter\u00a0\u00bb _builder_version=\u00a0\u00bb4.26.0&Prime; custom_button=\u00a0\u00bbon\u00a0\u00bb button_text_size=\u00a0\u00bb14px\u00a0\u00bb button_text_color=\u00a0\u00bb#0C71C3&Prime; button_border_width=\u00a0\u00bb2px\u00a0\u00bb button_border_color=\u00a0\u00bb#0C71C3&Prime; button_border_radius=\u00a0\u00bb100px\u00a0\u00bb button_font=\u00a0\u00bbPoppins|600||on|||||\u00a0\u00bb button_use_icon=\u00a0\u00bboff\u00a0\u00bb background_layout=\u00a0\u00bbdark\u00a0\u00bb custom_margin=\u00a0\u00bb0.3%||-1.3%||false|false\u00a0\u00bb custom_padding=\u00a0\u00bb12px|36px|7px|36px||\u00a0\u00bb button_letter_spacing_hover=\u00a0\u00bb0&Prime; global_colors_info=\u00a0\u00bb{}\u00a0\u00bb button_text_size__hover_enabled=\u00a0\u00bboff\u00a0\u00bb button_one_text_size__hover_enabled=\u00a0\u00bboff\u00a0\u00bb button_two_text_size__hover_enabled=\u00a0\u00bboff\u00a0\u00bb button_text_color__hover_enabled=\u00a0\u00bboff\u00a0\u00bb button_one_text_color__hover_enabled=\u00a0\u00bboff\u00a0\u00bb button_two_text_color__hover_enabled=\u00a0\u00bboff\u00a0\u00bb button_border_width__hover_enabled=\u00a0\u00bboff\u00a0\u00bb button_one_border_width__hover_enabled=\u00a0\u00bboff\u00a0\u00bb button_two_border_width__hover_enabled=\u00a0\u00bboff\u00a0\u00bb button_border_color__hover_enabled=\u00a0\u00bboff\u00a0\u00bb button_one_border_color__hover_enabled=\u00a0\u00bboff\u00a0\u00bb button_two_border_color__hover_enabled=\u00a0\u00bboff\u00a0\u00bb button_border_radius__hover_enabled=\u00a0\u00bboff\u00a0\u00bb button_one_border_radius__hover_enabled=\u00a0\u00bboff\u00a0\u00bb button_two_border_radius__hover_enabled=\u00a0\u00bboff\u00a0\u00bb button_letter_spacing__hover_enabled=\u00a0\u00bbon\u00a0\u00bb button_letter_spacing__hover=\u00a0\u00bb0&Prime; button_one_letter_spacing__hover_enabled=\u00a0\u00bboff\u00a0\u00bb button_two_letter_spacing__hover_enabled=\u00a0\u00bboff\u00a0\u00bb button_bg_color__hover_enabled=\u00a0\u00bboff\u00a0\u00bb button_one_bg_color__hover_enabled=\u00a0\u00bboff\u00a0\u00bb button_two_bg_color__hover_enabled=\u00a0\u00bboff\u00a0\u00bb][\/et_pb_button][\/et_pb_column][\/et_pb_row][et_pb_row column_structure=\u00a0\u00bb4_4,1_2&Prime; _builder_version=\u00a0\u00bb4.25.0&Prime; _module_preset=\u00a0\u00bbdefault\u00a0\u00bb custom_margin=\u00a0\u00bb-48px|auto||auto||\u00a0\u00bb custom_padding=\u00a0\u00bb|||5px||\u00a0\u00bb global_colors_info=\u00a0\u00bb{}\u00a0\u00bb][et_pb_column type=\u00a0\u00bb4_4&Prime; _builder_version=\u00a0\u00bb4.25.0&Prime; _module_preset=\u00a0\u00bbdefault\u00a0\u00bb global_colors_info=\u00a0\u00bb{}\u00a0\u00bb][et_pb_blurb title=\u00a0\u00bbBerruchon S, Mac Nab B, Br\u00e9ard V. \u00c9valuation des capacit\u00e9s cognitives musicales chez les malades Alzheimer : le test d\u2019orientation en musicoth\u00e9rapie. G\u00e9riatrie et Psychologie Neuropsychiatrie du Vieillissement. 2020;18(1):19-24. doi:10.1684\/pnv.2019.0839&Prime; use_icon=\u00a0\u00bbon\u00a0\u00bb font_icon=\u00a0\u00bb&#xf518;||fa||900&Prime; icon_color=\u00a0\u00bb#0C71C3&Prime; icon_placement=\u00a0\u00bbleft\u00a0\u00bb image_icon_width=\u00a0\u00bb23px\u00a0\u00bb content_max_width=\u00a0\u00bb900px\u00a0\u00bb _builder_version=\u00a0\u00bb4.27.2&Prime; header_font=\u00a0\u00bbOpen Sans|600|||||||\u00a0\u00bb header_text_color=\u00a0\u00bbrgba(38,48,63,0.8)\u00a0\u00bb header_font_size=\u00a0\u00bb15px\u00a0\u00bb header_line_height=\u00a0\u00bb1.8em\u00a0\u00bb min_height=\u00a0\u00bb63px\u00a0\u00bb custom_margin=\u00a0\u00bb||0px|\u00a0\u00bb custom_padding=\u00a0\u00bb51px|||||\u00a0\u00bb animation_style=\u00a0\u00bbfade\u00a0\u00bb animation=\u00a0\u00bboff\u00a0\u00bb icon_font_size=\u00a0\u00bb28px\u00a0\u00bb saved_tabs=\u00a0\u00bball\u00a0\u00bb locked=\u00a0\u00bboff\u00a0\u00bb global_colors_info=\u00a0\u00bb{}\u00a0\u00bb][\/et_pb_blurb][et_pb_blurb title=\u00a0\u00bbBrahmi R, Ouameri S, Toumi J, Boulardin E, Trivalle C. Int\u00e9r\u00eat de la musicoth\u00e9rapie dans lestroubles du comportement chez des patients d\u00e9ments hospitalis\u00e9s. NPG Neurol &#8211; Psychiatr &#8211; G\u00e9riatr. 2019;19(111):162\u20138. doi: 10.1016\/j.npg.2019.01.001&Prime; use_icon=\u00a0\u00bbon\u00a0\u00bb font_icon=\u00a0\u00bb&#xf518;||fa||900&Prime; icon_color=\u00a0\u00bb#0C71C3&Prime; icon_placement=\u00a0\u00bbleft\u00a0\u00bb image_icon_width=\u00a0\u00bb23px\u00a0\u00bb content_max_width=\u00a0\u00bb900px\u00a0\u00bb _builder_version=\u00a0\u00bb4.27.2&Prime; header_font=\u00a0\u00bbOpen Sans|600|||||||\u00a0\u00bb header_text_color=\u00a0\u00bbrgba(38,48,63,0.8)\u00a0\u00bb header_font_size=\u00a0\u00bb15px\u00a0\u00bb header_line_height=\u00a0\u00bb1.8em\u00a0\u00bb min_height=\u00a0\u00bb17px\u00a0\u00bb custom_margin=\u00a0\u00bb||0px|\u00a0\u00bb custom_padding=\u00a0\u00bb0px|||||\u00a0\u00bb animation_style=\u00a0\u00bbfade\u00a0\u00bb animation=\u00a0\u00bboff\u00a0\u00bb icon_font_size=\u00a0\u00bb28px\u00a0\u00bb saved_tabs=\u00a0\u00bball\u00a0\u00bb locked=\u00a0\u00bboff\u00a0\u00bb global_colors_info=\u00a0\u00bb{}\u00a0\u00bb][\/et_pb_blurb][et_pb_blurb title=\u00a0\u00bbBresson A. Maladie d\u2019Alzheimer : la piste de la musicoth\u00e9rapie pour stimuler la m\u00e9moire se confirme. Version Femina. 2022 Jul 25. https:\/\/www.femina.fr\/article\/maladie-d-alzheimer-la-piste-de-la-musicotherapie-pour-stimuler-la-memoire-se-confirme\u00a0\u00bb use_icon=\u00a0\u00bbon\u00a0\u00bb font_icon=\u00a0\u00bb&#xf518;||fa||900&Prime; icon_color=\u00a0\u00bb#0C71C3&Prime; icon_placement=\u00a0\u00bbleft\u00a0\u00bb image_icon_width=\u00a0\u00bb23px\u00a0\u00bb content_max_width=\u00a0\u00bb900px\u00a0\u00bb _builder_version=\u00a0\u00bb4.27.2&Prime; header_font=\u00a0\u00bbOpen Sans|600|||||||\u00a0\u00bb header_text_color=\u00a0\u00bbrgba(38,48,63,0.8)\u00a0\u00bb header_font_size=\u00a0\u00bb15px\u00a0\u00bb header_line_height=\u00a0\u00bb1.8em\u00a0\u00bb min_height=\u00a0\u00bb17px\u00a0\u00bb custom_margin=\u00a0\u00bb||0px|\u00a0\u00bb custom_padding=\u00a0\u00bb0px|||||\u00a0\u00bb animation_style=\u00a0\u00bbfade\u00a0\u00bb animation=\u00a0\u00bboff\u00a0\u00bb icon_font_size=\u00a0\u00bb28px\u00a0\u00bb saved_tabs=\u00a0\u00bball\u00a0\u00bb locked=\u00a0\u00bboff\u00a0\u00bb global_colors_info=\u00a0\u00bb{}\u00a0\u00bb][\/et_pb_blurb][et_pb_blurb title=\u00a0\u00bbD\u00e9finition et chiffres de la maladie d\u2019Alzheimer %91Internet%93. Fondation Recherche Alzheimer. 2016 %91cited 2024 Oct 3%93. https:\/\/alzheimer-recherche.org\/la-maladie-alzheimer\/quest-maladie-dalzheimer\/definition-et-chiffres\/\u00a0\u00bb use_icon=\u00a0\u00bbon\u00a0\u00bb font_icon=\u00a0\u00bb&#xf518;||fa||900&Prime; icon_color=\u00a0\u00bb#0C71C3&Prime; icon_placement=\u00a0\u00bbleft\u00a0\u00bb image_icon_width=\u00a0\u00bb23px\u00a0\u00bb content_max_width=\u00a0\u00bb900px\u00a0\u00bb _builder_version=\u00a0\u00bb4.25.0&Prime; header_font=\u00a0\u00bbOpen Sans|600|||||||\u00a0\u00bb header_text_color=\u00a0\u00bbrgba(38,48,63,0.8)\u00a0\u00bb header_font_size=\u00a0\u00bb15px\u00a0\u00bb header_line_height=\u00a0\u00bb1.8em\u00a0\u00bb custom_margin=\u00a0\u00bb||0px|\u00a0\u00bb custom_padding=\u00a0\u00bb0px|||||\u00a0\u00bb animation_style=\u00a0\u00bbfade\u00a0\u00bb animation=\u00a0\u00bboff\u00a0\u00bb icon_font_size=\u00a0\u00bb28px\u00a0\u00bb saved_tabs=\u00a0\u00bball\u00a0\u00bb locked=\u00a0\u00bboff\u00a0\u00bb global_colors_info=\u00a0\u00bb{}\u00a0\u00bb][\/et_pb_blurb][et_pb_blurb title=\u00a0\u00bbFerreira MFS, et al. Musicoterapia em pacientes com doen\u00e7a de Alzheimer \u2013 uma revis\u00e3osistem\u00e1tica. Rev Bras Musicoter. 2020;22(28):31-52. doi.org\/10.51914\/rbmt.28.2020.16&Prime; use_icon=\u00a0\u00bbon\u00a0\u00bb font_icon=\u00a0\u00bb&#xf518;||fa||900&Prime; icon_color=\u00a0\u00bb#0C71C3&Prime; icon_placement=\u00a0\u00bbleft\u00a0\u00bb image_icon_width=\u00a0\u00bb23px\u00a0\u00bb content_max_width=\u00a0\u00bb900px\u00a0\u00bb _builder_version=\u00a0\u00bb4.25.0&Prime; header_font=\u00a0\u00bbOpen Sans|600|||||||\u00a0\u00bb header_text_color=\u00a0\u00bbrgba(38,48,63,0.8)\u00a0\u00bb header_font_size=\u00a0\u00bb15px\u00a0\u00bb header_line_height=\u00a0\u00bb1.8em\u00a0\u00bb custom_margin=\u00a0\u00bb||0px|\u00a0\u00bb custom_padding=\u00a0\u00bb0px|||||\u00a0\u00bb animation_style=\u00a0\u00bbfade\u00a0\u00bb animation=\u00a0\u00bboff\u00a0\u00bb icon_font_size=\u00a0\u00bb28px\u00a0\u00bb saved_tabs=\u00a0\u00bball\u00a0\u00bb locked=\u00a0\u00bboff\u00a0\u00bb global_colors_info=\u00a0\u00bb{}\u00a0\u00bb][\/et_pb_blurb][et_pb_blurb title=\u00a0\u00bbGenguelou M. Musicoth\u00e9rapie et d\u00e9mence\u202f: vers une pratique fond\u00e9e sur les preuves. NPG Neurol &#8211; Psychiatr &#8211; G\u00e9riatr. 2024;24(142):237\u201344. doi:\/\/10.1016\/j.npg.2024.02.007&Prime; use_icon=\u00a0\u00bbon\u00a0\u00bb font_icon=\u00a0\u00bb&#xf518;||fa||900&Prime; icon_color=\u00a0\u00bb#0C71C3&Prime; icon_placement=\u00a0\u00bbleft\u00a0\u00bb image_icon_width=\u00a0\u00bb23px\u00a0\u00bb content_max_width=\u00a0\u00bb900px\u00a0\u00bb _builder_version=\u00a0\u00bb4.25.0&Prime; header_font=\u00a0\u00bbOpen Sans|600|||||||\u00a0\u00bb header_text_color=\u00a0\u00bbrgba(38,48,63,0.8)\u00a0\u00bb header_font_size=\u00a0\u00bb15px\u00a0\u00bb header_line_height=\u00a0\u00bb1.8em\u00a0\u00bb custom_margin=\u00a0\u00bb||0px|\u00a0\u00bb custom_padding=\u00a0\u00bb4px|||||\u00a0\u00bb animation_style=\u00a0\u00bbfade\u00a0\u00bb animation=\u00a0\u00bboff\u00a0\u00bb icon_font_size=\u00a0\u00bb28px\u00a0\u00bb saved_tabs=\u00a0\u00bball\u00a0\u00bb locked=\u00a0\u00bboff\u00a0\u00bb global_colors_info=\u00a0\u00bb{}\u00a0\u00bb][\/et_pb_blurb][et_pb_blurb title=\u00a0\u00bbKelly L, Ahessy B. Reminiscence-focused music therapy to promote positive mood and engagement and shared interaction for people living with dementia. Voices. 2021;21(2). Available from: doi: 10.15845\/voices.v21i2.3139&Prime; use_icon=\u00a0\u00bbon\u00a0\u00bb font_icon=\u00a0\u00bb&#xf518;||fa||900&Prime; icon_color=\u00a0\u00bb#0C71C3&Prime; icon_placement=\u00a0\u00bbleft\u00a0\u00bb image_icon_width=\u00a0\u00bb23px\u00a0\u00bb content_max_width=\u00a0\u00bb900px\u00a0\u00bb _builder_version=\u00a0\u00bb4.25.0&Prime; header_font=\u00a0\u00bbOpen Sans|600|||||||\u00a0\u00bb header_text_color=\u00a0\u00bbrgba(38,48,63,0.8)\u00a0\u00bb header_font_size=\u00a0\u00bb15px\u00a0\u00bb header_line_height=\u00a0\u00bb1.8em\u00a0\u00bb custom_margin=\u00a0\u00bb||0px|\u00a0\u00bb custom_padding=\u00a0\u00bb0px|||||\u00a0\u00bb animation_style=\u00a0\u00bbfade\u00a0\u00bb animation=\u00a0\u00bboff\u00a0\u00bb icon_font_size=\u00a0\u00bb28px\u00a0\u00bb saved_tabs=\u00a0\u00bball\u00a0\u00bb locked=\u00a0\u00bboff\u00a0\u00bb global_colors_info=\u00a0\u00bb{}\u00a0\u00bb][\/et_pb_blurb][et_pb_blurb title=\u00a0\u00bbLaeng N. Musique et vie psychique du sujet d\u00e9ment. Lett Psychogeriatr. 2019.\u00a0\u00bb use_icon=\u00a0\u00bbon\u00a0\u00bb font_icon=\u00a0\u00bb&#xf518;||fa||900&Prime; icon_color=\u00a0\u00bb#0C71C3&Prime; icon_placement=\u00a0\u00bbleft\u00a0\u00bb image_icon_width=\u00a0\u00bb23px\u00a0\u00bb content_max_width=\u00a0\u00bb900px\u00a0\u00bb _builder_version=\u00a0\u00bb4.25.0&Prime; header_font=\u00a0\u00bbOpen Sans|600|||||||\u00a0\u00bb header_text_color=\u00a0\u00bbrgba(38,48,63,0.8)\u00a0\u00bb header_font_size=\u00a0\u00bb15px\u00a0\u00bb header_line_height=\u00a0\u00bb1.8em\u00a0\u00bb custom_margin=\u00a0\u00bb||0px|\u00a0\u00bb custom_padding=\u00a0\u00bb0px|||||\u00a0\u00bb animation_style=\u00a0\u00bbfade\u00a0\u00bb animation=\u00a0\u00bboff\u00a0\u00bb hover_enabled=\u00a0\u00bb0&Prime; icon_font_size=\u00a0\u00bb28px\u00a0\u00bb saved_tabs=\u00a0\u00bball\u00a0\u00bb locked=\u00a0\u00bboff\u00a0\u00bb global_colors_info=\u00a0\u00bb{}\u00a0\u00bb sticky_enabled=\u00a0\u00bb0&Prime;][\/et_pb_blurb][et_pb_blurb title=\u00a0\u00bbMagnin C, Ding A. Influence d\u2019un support musical sur la m\u00e9moire \u00e9pisodique de patients Alzheimer au stade mod\u00e9r\u00e9. Sci Cogn. 2019. Disponible sur : dumas-02168417.\u00a0\u00bb use_icon=\u00a0\u00bbon\u00a0\u00bb font_icon=\u00a0\u00bb&#xf518;||fa||900&Prime; icon_color=\u00a0\u00bb#0C71C3&Prime; icon_placement=\u00a0\u00bbleft\u00a0\u00bb image_icon_width=\u00a0\u00bb23px\u00a0\u00bb content_max_width=\u00a0\u00bb900px\u00a0\u00bb _builder_version=\u00a0\u00bb4.27.2&Prime; header_font=\u00a0\u00bbOpen Sans|600|||||||\u00a0\u00bb header_text_color=\u00a0\u00bbrgba(38,48,63,0.8)\u00a0\u00bb header_font_size=\u00a0\u00bb15px\u00a0\u00bb header_line_height=\u00a0\u00bb1.8em\u00a0\u00bb custom_margin=\u00a0\u00bb||0px|\u00a0\u00bb custom_padding=\u00a0\u00bb0px|||||\u00a0\u00bb animation_style=\u00a0\u00bbfade\u00a0\u00bb animation=\u00a0\u00bboff\u00a0\u00bb hover_enabled=\u00a0\u00bb0&Prime; icon_font_size=\u00a0\u00bb28px\u00a0\u00bb saved_tabs=\u00a0\u00bball\u00a0\u00bb locked=\u00a0\u00bboff\u00a0\u00bb global_colors_info=\u00a0\u00bb{}\u00a0\u00bb sticky_enabled=\u00a0\u00bb0&Prime;][\/et_pb_blurb][et_pb_blurb title=\u00a0\u00bbMathieu C, Monin M. Comparaison de l\u2019effet de la musicoth\u00e9rapie active et passive sur la qualit\u00e9de vie des patients d\u00e9ments. Louvain: Facult\u00e9 des sciences de la motricit\u00e9, Universit\u00e9 catholique de Louvain; 2018. Promoteurs: Vanderstricht J, Loiseau O.\u00a0\u00bb use_icon=\u00a0\u00bbon\u00a0\u00bb font_icon=\u00a0\u00bb&#xf518;||fa||900&Prime; icon_color=\u00a0\u00bb#0C71C3&Prime; icon_placement=\u00a0\u00bbleft\u00a0\u00bb image_icon_width=\u00a0\u00bb23px\u00a0\u00bb content_max_width=\u00a0\u00bb900px\u00a0\u00bb _builder_version=\u00a0\u00bb4.27.2&Prime; header_font=\u00a0\u00bbOpen Sans|600|||||||\u00a0\u00bb header_text_color=\u00a0\u00bbrgba(38,48,63,0.8)\u00a0\u00bb header_font_size=\u00a0\u00bb15px\u00a0\u00bb header_line_height=\u00a0\u00bb1.8em\u00a0\u00bb custom_margin=\u00a0\u00bb||0px|\u00a0\u00bb custom_padding=\u00a0\u00bb0px|||||\u00a0\u00bb animation_style=\u00a0\u00bbfade\u00a0\u00bb animation=\u00a0\u00bboff\u00a0\u00bb hover_enabled=\u00a0\u00bb0&Prime; icon_font_size=\u00a0\u00bb28px\u00a0\u00bb saved_tabs=\u00a0\u00bball\u00a0\u00bb locked=\u00a0\u00bboff\u00a0\u00bb global_colors_info=\u00a0\u00bb{}\u00a0\u00bb sticky_enabled=\u00a0\u00bb0&Prime;][\/et_pb_blurb][et_pb_blurb title=\u00a0\u00bbOchoa Echeverria S. Conception d\u2019un clavier musical pour entra\u00eener les fonctions motrices etcognitives dans la maladie d\u2019Alzheimer %91ma\u00eetrise en sciences cliniques et biom\u00e9dicales%93. Montr\u00e9al ;2020. 102 p.\u00a0\u00bb use_icon=\u00a0\u00bbon\u00a0\u00bb font_icon=\u00a0\u00bb&#xf518;||fa||900&Prime; icon_color=\u00a0\u00bb#0C71C3&Prime; icon_placement=\u00a0\u00bbleft\u00a0\u00bb image_icon_width=\u00a0\u00bb23px\u00a0\u00bb content_max_width=\u00a0\u00bb900px\u00a0\u00bb _builder_version=\u00a0\u00bb4.27.2&Prime; header_font=\u00a0\u00bbOpen Sans|600|||||||\u00a0\u00bb header_text_color=\u00a0\u00bbrgba(38,48,63,0.8)\u00a0\u00bb header_font_size=\u00a0\u00bb15px\u00a0\u00bb header_line_height=\u00a0\u00bb1.8em\u00a0\u00bb custom_margin=\u00a0\u00bb||0px|\u00a0\u00bb custom_padding=\u00a0\u00bb0px|||||\u00a0\u00bb animation_style=\u00a0\u00bbfade\u00a0\u00bb animation=\u00a0\u00bboff\u00a0\u00bb hover_enabled=\u00a0\u00bb0&Prime; icon_font_size=\u00a0\u00bb28px\u00a0\u00bb saved_tabs=\u00a0\u00bball\u00a0\u00bb locked=\u00a0\u00bboff\u00a0\u00bb global_colors_info=\u00a0\u00bb{}\u00a0\u00bb sticky_enabled=\u00a0\u00bb0&Prime;][\/et_pb_blurb][et_pb_blurb title=\u00a0\u00bbPeixoto CC, Am\u00e2ncio N de FG. Os efeitos da musicoterapia em pacientes com doen\u00e7a de Alzheimer. Res Soc Dev . 2023;12(1):e2012139279. doi: 10.33448\/rsd-v12i1.39279&Prime; use_icon=\u00a0\u00bbon\u00a0\u00bb font_icon=\u00a0\u00bb&#xf518;||fa||900&Prime; icon_color=\u00a0\u00bb#0C71C3&Prime; icon_placement=\u00a0\u00bbleft\u00a0\u00bb image_icon_width=\u00a0\u00bb23px\u00a0\u00bb content_max_width=\u00a0\u00bb900px\u00a0\u00bb _builder_version=\u00a0\u00bb4.27.2&Prime; header_font=\u00a0\u00bbOpen Sans|600|||||||\u00a0\u00bb header_text_color=\u00a0\u00bbrgba(38,48,63,0.8)\u00a0\u00bb header_font_size=\u00a0\u00bb15px\u00a0\u00bb header_line_height=\u00a0\u00bb1.8em\u00a0\u00bb custom_margin=\u00a0\u00bb||0px|\u00a0\u00bb custom_padding=\u00a0\u00bb0px|||||\u00a0\u00bb animation_style=\u00a0\u00bbfade\u00a0\u00bb animation=\u00a0\u00bboff\u00a0\u00bb hover_enabled=\u00a0\u00bb0&Prime; icon_font_size=\u00a0\u00bb28px\u00a0\u00bb saved_tabs=\u00a0\u00bball\u00a0\u00bb locked=\u00a0\u00bboff\u00a0\u00bb global_colors_info=\u00a0\u00bb{}\u00a0\u00bb sticky_enabled=\u00a0\u00bb0&Prime;][\/et_pb_blurb][et_pb_blurb title=\u00a0\u00bbThomas P, Chand\u00e8s G, Hazif-Thomas C. Efficacit\u00e9 de la musicoth\u00e9rapie sur la r\u00e9silience dans la maladie d\u2019Alzheimer. NPG Neurol &#8211; Psychiatr &#8211; G\u00e9riatr. 2017;17(101):299\u2013306. doi: 10.1016\/j.npg.2017.05.005&Prime; use_icon=\u00a0\u00bbon\u00a0\u00bb font_icon=\u00a0\u00bb&#xf518;||fa||900&Prime; icon_color=\u00a0\u00bb#0C71C3&Prime; icon_placement=\u00a0\u00bbleft\u00a0\u00bb image_icon_width=\u00a0\u00bb23px\u00a0\u00bb content_max_width=\u00a0\u00bb900px\u00a0\u00bb _builder_version=\u00a0\u00bb4.27.2&Prime; header_font=\u00a0\u00bbOpen Sans|600|||||||\u00a0\u00bb header_text_color=\u00a0\u00bbrgba(38,48,63,0.8)\u00a0\u00bb header_font_size=\u00a0\u00bb15px\u00a0\u00bb header_line_height=\u00a0\u00bb1.8em\u00a0\u00bb custom_margin=\u00a0\u00bb||0px|\u00a0\u00bb custom_padding=\u00a0\u00bb0px|||||\u00a0\u00bb animation_style=\u00a0\u00bbfade\u00a0\u00bb animation=\u00a0\u00bboff\u00a0\u00bb hover_enabled=\u00a0\u00bb0&Prime; icon_font_size=\u00a0\u00bb28px\u00a0\u00bb saved_tabs=\u00a0\u00bball\u00a0\u00bb locked=\u00a0\u00bboff\u00a0\u00bb global_colors_info=\u00a0\u00bb{}\u00a0\u00bb sticky_enabled=\u00a0\u00bb0&Prime;][\/et_pb_blurb][\/et_pb_column][et_pb_column type=\u00a0\u00bb1_2&Prime; _builder_version=\u00a0\u00bb4.25.0&Prime; _module_preset=\u00a0\u00bbdefault\u00a0\u00bb global_colors_info=\u00a0\u00bb{}\u00a0\u00bb][\/et_pb_column][\/et_pb_row][\/et_pb_section]\n","protected":false},"excerpt":{"rendered":"<p>Musicoth\u00e9rapie et les maladies apparent\u00e9es \u00e0 Alzheimer ou autres types de d\u00e9mences.Cette page d\u00e9finit les maladies apparent\u00e9es \u00e0 Alzheimer et autres types de d\u00e9mences. Elle \u00e9voque quelques \u00e9tudes scientifiques concernant la musicoth\u00e9rapie sur ces pathologies. La recherche sur ce sujet n\u2019est pas consid\u00e9r\u00e9e comme men\u00e9e \u00e0 son terme, car beaucoup de ces travaux s\u2019apparentent \u00e0 [&hellip;]<\/p>\n","protected":false},"author":2,"featured_media":0,"parent":0,"menu_order":0,"comment_status":"closed","ping_status":"closed","template":"","meta":{"_et_pb_use_builder":"on","_et_pb_old_content":"","_et_gb_content_width":"","om_disable_all_campaigns":false,"_monsterinsights_skip_tracking":false,"_monsterinsights_sitenote_active":false,"_monsterinsights_sitenote_note":"","_monsterinsights_sitenote_category":0,"_uf_show_specific_survey":0,"_uf_disable_surveys":false,"footnotes":""},"class_list":["post-786","page","type-page","status-publish","hentry"],"aioseo_notices":[],"_links":{"self":[{"href":"https:\/\/oceannedemont.fr\/index.php\/wp-json\/wp\/v2\/pages\/786","targetHints":{"allow":["GET"]}}],"collection":[{"href":"https:\/\/oceannedemont.fr\/index.php\/wp-json\/wp\/v2\/pages"}],"about":[{"href":"https:\/\/oceannedemont.fr\/index.php\/wp-json\/wp\/v2\/types\/page"}],"author":[{"embeddable":true,"href":"https:\/\/oceannedemont.fr\/index.php\/wp-json\/wp\/v2\/users\/2"}],"replies":[{"embeddable":true,"href":"https:\/\/oceannedemont.fr\/index.php\/wp-json\/wp\/v2\/comments?post=786"}],"version-history":[{"count":9,"href":"https:\/\/oceannedemont.fr\/index.php\/wp-json\/wp\/v2\/pages\/786\/revisions"}],"predecessor-version":[{"id":805,"href":"https:\/\/oceannedemont.fr\/index.php\/wp-json\/wp\/v2\/pages\/786\/revisions\/805"}],"wp:attachment":[{"href":"https:\/\/oceannedemont.fr\/index.php\/wp-json\/wp\/v2\/media?parent=786"}],"curies":[{"name":"wp","href":"https:\/\/api.w.org\/{rel}","templated":true}]}}